{"id":92,"date":"2021-03-10T23:03:33","date_gmt":"2021-03-10T23:03:33","guid":{"rendered":"https:\/\/www.korpukot.is\/?page_id=92"},"modified":"2023-06-05T12:00:46","modified_gmt":"2023-06-05T12:00:46","slug":"adlogun","status":"publish","type":"page","link":"https:\/\/www.lfa.is\/korpukot\/deildir-korpukots\/adlogun\/","title":{"rendered":"A\u00f0l\u00f6gun"},"content":{"rendered":"\n<p>A\u00f0 byrja \u00ed leiksk\u00f3la er n\u00fd reynsla fyrir barni\u00f0 og foreldra \u00feess. Allt er \u00f3kunnugt og \u00fev\u00ed mikilv\u00e6gt a\u00f0 sta\u00f0i\u00f0 s\u00e9 vel a\u00f0 verki \u00feegar kemur a\u00f0 a\u00f0l\u00f6gun. \u00c1 me\u00f0an \u00e1 a\u00f0l\u00f6gun stendur er gott a\u00f0 foreldrar kynnist starfsf\u00f3lki deildarinnar og starfi leiksk\u00f3lans. Me\u00f0 \u00fev\u00ed er lag\u00f0ur g\u00f3\u00f0ur grunnur a\u00f0 framt\u00ed\u00f0inni.<br>A\u00f0l\u00f6gun tekur nokkra daga og mi\u00f0asta fj\u00f6ldi \u00feeirra alltaf vi\u00f0 barni\u00f0 sj\u00e1lft, a\u00f0l\u00f6gunardagar eru samt sem \u00e1\u00f0ur aldrei f\u00e6rri en fimm og hver dagur hefur \u00e1kve\u00f0inn tilgang.<\/p>\n\n\n\n<p>Gert er r\u00e1\u00f0 fyrir a\u00f0 a\u00f0eins eitt foreldri taki a\u00f0l\u00f6gun me\u00f0 barninu.<\/p>\n\n\n\n<figure class=\"wp-block-table\"><table><tbody><tr><td>Dagur  1       <\/td><td>Barn og foreldri m\u00e6ta kl. 9:30 og eru saman \u00ed leiksk\u00f3lanum til kl. 10:30<\/td><\/tr><tr><td>Dagur 2<\/td><td>Barn og foreldri m\u00e6ta kl. 9:30 og eru saman \u00ed leiksk\u00f3lanum til kl. 11:30. Foreldri gefur barninu h\u00e1degismat \u00ed leiksk\u00f3lanum<\/td><\/tr><tr><td>Dagur 3<\/td><td>Barn og foreldri m\u00e6ta kl 9:15. Foreldri kemur inn me\u00f0 barninu og kve\u00f0ur \u00fea\u00f0 kl 9:30 \u00feegar \u00e1vaxtastund hefst. Barni\u00f0 er s\u00f3tt eftir h\u00e1degismat<\/td><\/tr><tr><td>Dagur 4<\/td><td>Barn og foreldri m\u00e6ta kl. 9:15 og foreldri kve\u00f0ur barni\u00f0 strax og fer. Barni\u00f0 er s\u00f3tt \u00feegar \u00fea\u00f0 vaknar eftir l\u00far<\/td><\/tr><tr><td>Dagur 5<\/td><td>Barn og foreldri m\u00e6ta kl. 9:15 og foreldri kve\u00f0ur strax og fer. Barn er s\u00f3tt kl 15:00<\/td><\/tr><\/tbody><\/table><\/figure>\n\n\n\n<p><strong>Hafa ber \u00ed huga a\u00f0 \u00feetta er a\u00f0eins til vi\u00f0mi\u00f0unar.<\/strong> Tveimur til \u00feremur vikum eftir a\u00f0 a\u00f0l\u00f6gun hefst f\u00e1 foreldrar s\u00edmavi\u00f0tal fr\u00e1 deildarstj\u00f3ra.<\/p>\n","protected":false},"excerpt":{"rendered":"<p>A\u00f0 byrja \u00ed leiksk\u00f3la er n\u00fd reynsla fyrir barni\u00f0 og foreldra \u00feess. Allt er \u00f3kunnugt og \u00fev\u00ed mikilv\u00e6gt a\u00f0 sta\u00f0i\u00f0 s\u00e9 vel a\u00f0 verki \u00feegar kemur a\u00f0 a\u00f0l\u00f6gun. \u00c1 me\u00f0an \u00e1 a\u00f0l\u00f6gun stendur er gott a\u00f0 foreldrar kynnist starfsf\u00f3lki deildarinnar og starfi leiksk\u00f3lans. Me\u00f0 \u00fev\u00ed er lag\u00f0ur g\u00f3\u00f0ur grunnur a\u00f0 framt\u00ed\u00f0inni.A\u00f0l\u00f6gun tekur nokkra daga og&hellip;<\/p>\n","protected":false},"author":1,"featured_media":93,"parent":89,"menu_order":0,"comment_status":"closed","ping_status":"closed","template":"","meta":{"footnotes":""},"class_list":["post-92","page","type-page","status-publish","has-post-thumbnail","hentry"],"_links":{"self":[{"href":"https:\/\/www.lfa.is\/korpukot\/wp-json\/wp\/v2\/pages\/92","targetHints":{"allow":["GET"]}}],"collection":[{"href":"https:\/\/www.lfa.is\/korpukot\/wp-json\/wp\/v2\/pages"}],"about":[{"href":"https:\/\/www.lfa.is\/korpukot\/wp-json\/wp\/v2\/types\/page"}],"author":[{"embeddable":true,"href":"https:\/\/www.lfa.is\/korpukot\/wp-json\/wp\/v2\/users\/1"}],"replies":[{"embeddable":true,"href":"https:\/\/www.lfa.is\/korpukot\/wp-json\/wp\/v2\/comments?post=92"}],"version-history":[{"count":5,"href":"https:\/\/www.lfa.is\/korpukot\/wp-json\/wp\/v2\/pages\/92\/revisions"}],"predecessor-version":[{"id":7847,"href":"https:\/\/www.lfa.is\/korpukot\/wp-json\/wp\/v2\/pages\/92\/revisions\/7847"}],"up":[{"embeddable":true,"href":"https:\/\/www.lfa.is\/korpukot\/wp-json\/wp\/v2\/pages\/89"}],"wp:featuredmedia":[{"embeddable":true,"href":"https:\/\/www.lfa.is\/korpukot\/wp-json\/wp\/v2\/media\/93"}],"wp:attachment":[{"href":"https:\/\/www.lfa.is\/korpukot\/wp-json\/wp\/v2\/media?parent=92"}],"curies":[{"name":"wp","href":"https:\/\/api.w.org\/{rel}","templated":true}]}}